{"id":193,"date":"2026-04-27T02:05:32","date_gmt":"2026-04-27T02:05:32","guid":{"rendered":"https:\/\/caadi.ca\/?page_id=193"},"modified":"2026-04-27T10:41:25","modified_gmt":"2026-04-27T10:41:25","slug":"votre-programme","status":"publish","type":"page","link":"https:\/\/caadi.ca\/en\/votre-programme\/","title":{"rendered":"Votre programme"},"content":{"rendered":"<div data-elementor-type=\"wp-page\" data-elementor-id=\"193\" class=\"elementor elementor-193\" data-elementor-post-type=\"page\">\n\t\t\t\t<div class=\"elementor-element elementor-element-41ebce43 e-flex e-con-boxed e-con e-parent\" data-id=\"41ebce43\" data-element_type=\"container\" data-e-type=\"container\" data-settings=\"{&quot;background_background&quot;:&quot;gradient&quot;}\">\n\t\t\t\t\t<div class=\"e-con-inner\">\n\t\t<div class=\"elementor-element elementor-element-2e2b8286 e-con-full e-flex e-con e-child\" data-id=\"2e2b8286\" data-element_type=\"container\" data-e-type=\"container\">\n\t\t\t\t<div class=\"elementor-element elementor-element-19433221 elementor-invisible elementor-widget elementor-widget-heading\" data-id=\"19433221\" data-element_type=\"widget\" data-e-type=\"widget\" data-settings=\"{&quot;_animation&quot;:&quot;fadeInUp&quot;,&quot;_animation_delay&quot;:200}\" data-widget_type=\"heading.default\">\n\t\t\t\t\t<h1 class=\"elementor-heading-title elementor-size-default\">Votre programme<\/h1>\t\t\t\t<\/div>\n\t\t\t\t<div class=\"elementor-element elementor-element-3b55dd3d elementor-invisible elementor-widget elementor-widget-heading\" data-id=\"3b55dd3d\" data-element_type=\"widget\" data-e-type=\"widget\" data-settings=\"{&quot;_animation&quot;:&quot;fadeInUp&quot;,&quot;_animation_delay&quot;:300}\" data-widget_type=\"heading.default\">\n\t\t\t\t\t<h4 class=\"elementor-heading-title elementor-size-default\">Un programme b\u00e2ti avec vous, pour vous, suite \u00e0 nos rencontres sur le terrain.\n<\/h4>\t\t\t\t<\/div>\n\t\t\t\t<\/div>\n\t\t\t\t\t<\/div>\n\t\t\t\t<\/div>\n\t\t<div class=\"elementor-element elementor-element-5a64b3a e-flex e-con-boxed e-con e-parent\" data-id=\"5a64b3a\" data-element_type=\"container\" data-e-type=\"container\" data-settings=\"{&quot;background_background&quot;:&quot;classic&quot;}\">\n\t\t\t\t\t<div class=\"e-con-inner\">\n\t\t<div class=\"elementor-element elementor-element-24f60454 e-con-full e-flex e-con e-child\" data-id=\"24f60454\" data-element_type=\"container\" data-e-type=\"container\">\n\t\t\t\t<div class=\"elementor-element elementor-element-336f8623 elementor-invisible elementor-widget elementor-widget-heading\" data-id=\"336f8623\" data-element_type=\"widget\" data-e-type=\"widget\" data-settings=\"{&quot;_animation&quot;:&quot;fadeInUp&quot;,&quot;_animation_delay&quot;:300}\" data-widget_type=\"heading.default\">\n\t\t\t\t\t<h2 class=\"elementor-heading-title elementor-size-default\">L\u2019ann\u00e9e 2025 marque un tournant pour Gatineau avec l\u2019arriv\u00e9e d\u2019un nouveau joueur sur l\u2019\u00e9chiquier politique.<\/h2>\t\t\t\t<\/div>\n\t\t\t\t<\/div>\n\t\t<div class=\"elementor-element elementor-element-21786e96 e-con-full e-flex elementor-invisible e-con e-child\" data-id=\"21786e96\" data-element_type=\"container\" data-e-type=\"container\" data-settings=\"{&quot;animation&quot;:&quot;fadeInUp&quot;,&quot;animation_delay&quot;:300}\">\n\t\t\t\t<div class=\"elementor-element elementor-element-df775ae elementor-widget elementor-widget-text-editor\" data-id=\"df775ae\" data-element_type=\"widget\" data-e-type=\"widget\" data-widget_type=\"text-editor.default\">\n\t\t\t\t\t\t\t\t\t<p>Notre programme est pens\u00e9 comme un outil vivant, qui \u00e9volue au rythme de la campagne et des \u00e9changes constants avec les citoyennes et citoyens.<\/p>\t\t\t\t\t\t\t\t<\/div>\n\t\t\t\t<div class=\"elementor-element elementor-element-7a8364cc elementor-widget elementor-widget-text-editor\" data-id=\"7a8364cc\" data-element_type=\"widget\" data-e-type=\"widget\" data-widget_type=\"text-editor.default\">\n\t\t\t\t\t\t\t\t\t<p>\u00c0 mesure que de nouvelles priorit\u00e9s \u00e9mergent, cette page sera mise \u00e0 jour pour refl\u00e9ter des engagements concrets et r\u00e9alistes. Chacune de nos propositions repose sur l\u2019\u00e9coute, la transparence et la volont\u00e9 de ramener les enjeux municipaux essentiels au c\u0153ur des d\u00e9cisions de la Ville.<\/p>\t\t\t\t\t\t\t\t<\/div>\n\t\t\t\t<div class=\"elementor-element elementor-element-6336ee2 elementor-widget elementor-widget-text-editor\" data-id=\"6336ee2\" data-element_type=\"widget\" data-e-type=\"widget\" data-widget_type=\"text-editor.default\">\n\t\t\t\t\t\t\t\t\t<p>Notre d\u00e9marche est simple : b\u00e2tir un projet collectif solide, qui inspire confiance et qui met de l\u2019avant des solutions durables, au service de toutes et de tous. Parce qu\u2019au-del\u00e0 de la politique, ce qui nous unit, c\u2019est l\u2019amour de notre ville et la conviction que Gatineau m\u00e9rite le meilleur.<\/p>\t\t\t\t\t\t\t\t<\/div>\n\t\t\t\t<\/div>\n\t\t<div class=\"elementor-element elementor-element-22380261 e-grid e-con-boxed e-con e-child\" data-id=\"22380261\" data-element_type=\"container\" data-e-type=\"container\">\n\t\t\t\t\t<div class=\"e-con-inner\">\n\t\t<div class=\"elementor-element elementor-element-ae83dc7 e-con-full e-flex elementor-invisible e-con e-child\" data-id=\"ae83dc7\" data-element_type=\"container\" data-e-type=\"container\" data-settings=\"{&quot;background_background&quot;:&quot;classic&quot;,&quot;animation&quot;:&quot;fadeInLeft&quot;,&quot;animation_delay&quot;:350}\">\n\t\t\t\t<div class=\"elementor-element elementor-element-73f8a53d elementor-widget elementor-widget-image\" data-id=\"73f8a53d\" data-element_type=\"widget\" data-e-type=\"widget\" data-widget_type=\"image.default\">\n\t\t\t\t\t\t\t\t\t\t\t\t\t\t\t<img decoding=\"async\" src=\"https:\/\/caadi.ca\/wp-content\/uploads\/elementor\/thumbs\/icon-logo1-rmlqqrin3b29wnclkxviz8r5lx3wlf2fya258r2iw0.png\" title=\"icon-logo1.png\" alt=\"icon-logo1.png\" loading=\"lazy\" \/>\t\t\t\t\t\t\t\t\t\t\t\t\t\t\t<\/div>\n\t\t\t\t<div class=\"elementor-element elementor-element-5046f855 elementor-widget elementor-widget-heading\" data-id=\"5046f855\" data-element_type=\"widget\" data-e-type=\"widget\" data-widget_type=\"heading.default\">\n\t\t\t\t\t<h2 class=\"elementor-heading-title elementor-size-default\">Gouvernance et capacit\u00e9 de payer <\/h2>\t\t\t\t<\/div>\n\t\t\t\t<div class=\"elementor-element elementor-element-56d15305 elementor-widget elementor-widget-icon-box\" data-id=\"56d15305\" data-element_type=\"widget\" data-e-type=\"widget\" data-widget_type=\"icon-box.default\">\n\t\t\t\t\t\t\t<div class=\"elementor-icon-box-wrapper\">\n\n\t\t\t\n\t\t\t\t\t\t<div class=\"elementor-icon-box-content\">\n\n\t\t\t\t\n\t\t\t\t\t\t\t\t\t<p class=\"elementor-icon-box-description\">\n\t\t\t\t\t\tInvestir avec responsabilit\u00e9\t\t\t\t\t<\/p>\n\t\t\t\t\n\t\t\t<\/div>\n\t\t\t\n\t\t<\/div>\n\t\t\t\t\t\t<\/div>\n\t\t\t\t<div class=\"elementor-element elementor-element-4a537d04 elementor-widget elementor-widget-text-editor\" data-id=\"4a537d04\" data-element_type=\"widget\" data-e-type=\"widget\" data-widget_type=\"text-editor.default\">\n\t\t\t\t\t\t\t\t\t<p data-start=\"63\" data-end=\"168\">Nous croyons en une gestion municipale responsable, transparente et ax\u00e9e sur les priorit\u00e9s citoyennes.<\/p><p data-start=\"170\" data-end=\"306\">\ud83d\udd37 Nos d\u00e9cisions budg\u00e9taires respecteront la capacit\u00e9 de payer des citoyens, en \u00e9quilibrant les souhaits, les besoins et les n\u00e9cessit\u00e9s.<\/p><p data-start=\"308\" data-end=\"452\">\ud83d\udd37 Nous assurerons une pr\u00e9sentation claire et accessible du budget municipal afin que chaque citoyen comprenne comment ses taxes sont utilis\u00e9es.<\/p><p data-start=\"454\" data-end=\"707\">\ud83d\udd37 Nous investirons dans des infrastructures essentielles, incluant le r\u00e9seau routier, les installations sportives et communautaires, ainsi que les biblioth\u00e8ques, en veillant \u00e0 une r\u00e9partition \u00e9quitable des ressources entre l\u2019Est et l\u2019Ouest de la ville.<\/p><p data-start=\"709\" data-end=\"889\">\ud83d\udd37 Nous prendrons en consid\u00e9ration, de mani\u00e8re transparente pour les citoyens et nos \u00e9quipes d\u2019employ\u00e9s, notre capacit\u00e9 et la meilleure mani\u00e8re de livrer nos projets prioritaires.<\/p><p data-start=\"891\" data-end=\"1029\">G\u00e9rer le budget municipal, c\u2019est comme g\u00e9rer un budget familial : il faut savoir \u00e9tablir les bonnes priorit\u00e9s et savoir les rencontrer.<\/p>\t\t\t\t\t\t\t\t<\/div>\n\t\t\t\t<\/div>\n\t\t<div class=\"elementor-element elementor-element-6d149d26 e-con-full e-flex elementor-invisible e-con e-child\" data-id=\"6d149d26\" data-element_type=\"container\" data-e-type=\"container\" data-settings=\"{&quot;background_background&quot;:&quot;classic&quot;,&quot;animation&quot;:&quot;fadeInRight&quot;,&quot;animation_delay&quot;:350}\">\n\t\t\t\t<div class=\"elementor-element elementor-element-5fc34e80 elementor-widget elementor-widget-image\" data-id=\"5fc34e80\" data-element_type=\"widget\" data-e-type=\"widget\" data-widget_type=\"image.default\">\n\t\t\t\t\t\t\t\t\t\t\t\t\t\t\t<img decoding=\"async\" src=\"https:\/\/caadi.ca\/wp-content\/uploads\/elementor\/thumbs\/icon-logo1-rmlqqrin3b29wnclkxviz8r5lx3wlf2fya258r2iw0.png\" title=\"icon-logo1.png\" alt=\"icon-logo1.png\" loading=\"lazy\" \/>\t\t\t\t\t\t\t\t\t\t\t\t\t\t\t<\/div>\n\t\t\t\t<div class=\"elementor-element elementor-element-2899cbc6 elementor-widget elementor-widget-heading\" data-id=\"2899cbc6\" data-element_type=\"widget\" data-e-type=\"widget\" data-widget_type=\"heading.default\">\n\t\t\t\t\t<h2 class=\"elementor-heading-title elementor-size-default\">Services de base <\/h2>\t\t\t\t<\/div>\n\t\t\t\t<div class=\"elementor-element elementor-element-48acffff elementor-widget elementor-widget-icon-box\" data-id=\"48acffff\" data-element_type=\"widget\" data-e-type=\"widget\" data-widget_type=\"icon-box.default\">\n\t\t\t\t\t\t\t<div class=\"elementor-icon-box-wrapper\">\n\n\t\t\t\n\t\t\t\t\t\t<div class=\"elementor-icon-box-content\">\n\n\t\t\t\t\n\t\t\t\t\t\t\t\t\t<p class=\"elementor-icon-box-description\">\n\t\t\t\t\t\tDes services publics efficaces et accessibles\t\t\t\t\t<\/p>\n\t\t\t\t\n\t\t\t<\/div>\n\t\t\t\n\t\t<\/div>\n\t\t\t\t\t\t<\/div>\n\t\t\t\t<div class=\"elementor-element elementor-element-7b9cad53 elementor-widget elementor-widget-text-editor\" data-id=\"7b9cad53\" data-element_type=\"widget\" data-e-type=\"widget\" data-widget_type=\"text-editor.default\">\n\t\t\t\t\t\t\t\t\t<p data-start=\"98\" data-end=\"201\">Gatineau doit offrir \u00e0 ses citoyens des services publics de qualit\u00e9, \u00e0 la hauteur de leurs attentes.<\/p><p data-start=\"203\" data-end=\"420\">\ud83d\udd37 Nous investirons massivement dans l\u2019entretien et l\u2019am\u00e9lioration des infrastructures, notamment les r\u00e9seaux d\u2019aqueducs et d\u2019\u00e9gouts vieillissants, pour combler le retard accumul\u00e9 et pour anticiper les besoins futurs.<\/p><p data-start=\"422\" data-end=\"559\">\ud83d\udd37 Nous acc\u00e9l\u00e9rerons la r\u00e9fection du r\u00e9seau routier, car des rues en bon \u00e9tat sont un droit pour les automobilistes qui paient des taxes.<\/p><p data-start=\"561\" data-end=\"683\">\ud83d\udd37 Nous am\u00e9liorerons le suivi des requ\u00eates citoyennes via le 311, en assurant une communication proactive et transparente.<\/p><p data-start=\"685\" data-end=\"1077\">\ud83d\udd37 Nous devons repenser la fa\u00e7on dont les investissements sont r\u00e9alis\u00e9s. Bien que des montants importants aient \u00e9t\u00e9 engag\u00e9s dans de nombreux projets, les r\u00e9sultats tardent \u00e0 se concr\u00e9tiser. Ajouter des fonds ne suffit pas \u00e0 r\u00e9soudre notre probl\u00e8me de productivit\u00e9. Il est essentiel de r\u00e9unir nos \u00e9quipes \u2013 cols bleus, cols blancs, ing\u00e9nieurs \u2013 pour \u00e9laborer une strat\u00e9gie efficace et durable.<\/p><p data-start=\"1079\" data-end=\"1188\">Les services municipaux doivent \u00eatre un gage de fiabilit\u00e9, d\u2019efficacit\u00e9 et de proximit\u00e9 avec les citoyens.<\/p>\t\t\t\t\t\t\t\t<\/div>\n\t\t\t\t<\/div>\n\t\t\t\t\t<\/div>\n\t\t\t\t<\/div>\n\t\t<div class=\"elementor-element elementor-element-14d49a06 e-grid e-con-full e-con e-child\" data-id=\"14d49a06\" data-element_type=\"container\" data-e-type=\"container\">\n\t\t<div class=\"elementor-element elementor-element-f43ad43 e-con-full e-flex elementor-invisible e-con e-child\" data-id=\"f43ad43\" data-element_type=\"container\" data-e-type=\"container\" data-settings=\"{&quot;background_background&quot;:&quot;classic&quot;,&quot;animation&quot;:&quot;fadeInLeft&quot;,&quot;animation_delay&quot;:350}\">\n\t\t\t\t<div class=\"elementor-element elementor-element-3ed3f372 elementor-widget elementor-widget-image\" data-id=\"3ed3f372\" data-element_type=\"widget\" data-e-type=\"widget\" data-widget_type=\"image.default\">\n\t\t\t\t\t\t\t\t\t\t\t\t\t\t\t<img decoding=\"async\" src=\"https:\/\/caadi.ca\/wp-content\/uploads\/elementor\/thumbs\/icon-logo1-rmlqqrin3b29wnclkxviz8r5lx3wlf2fya258r2iw0.png\" title=\"icon-logo1.png\" alt=\"icon-logo1.png\" loading=\"lazy\" \/>\t\t\t\t\t\t\t\t\t\t\t\t\t\t\t<\/div>\n\t\t\t\t<div class=\"elementor-element elementor-element-246fbee8 elementor-widget elementor-widget-heading\" data-id=\"246fbee8\" data-element_type=\"widget\" data-e-type=\"widget\" data-widget_type=\"heading.default\">\n\t\t\t\t\t<h2 class=\"elementor-heading-title elementor-size-default\">D\u00e9veloppement \u00e9conomique <\/h2>\t\t\t\t<\/div>\n\t\t\t\t<div class=\"elementor-element elementor-element-699c568c elementor-widget elementor-widget-icon-box\" data-id=\"699c568c\" data-element_type=\"widget\" data-e-type=\"widget\" data-widget_type=\"icon-box.default\">\n\t\t\t\t\t\t\t<div class=\"elementor-icon-box-wrapper\">\n\n\t\t\t\n\t\t\t\t\t\t<div class=\"elementor-icon-box-content\">\n\n\t\t\t\t\n\t\t\t\t\t\t\t\t\t<p class=\"elementor-icon-box-description\">\n\t\t\t\t\t\tUn moteur de prosp\u00e9rit\u00e9 pour tous\t\t\t\t\t<\/p>\n\t\t\t\t\n\t\t\t<\/div>\n\t\t\t\n\t\t<\/div>\n\t\t\t\t\t\t<\/div>\n\t\t\t\t<div class=\"elementor-element elementor-element-5da4cf2c elementor-widget elementor-widget-text-editor\" data-id=\"5da4cf2c\" data-element_type=\"widget\" data-e-type=\"widget\" data-widget_type=\"text-editor.default\">\n\t\t\t\t\t\t\t\t\t<p data-start=\"71\" data-end=\"165\">Nous voulons une croissance \u00e9conomique qui profite \u00e0 l\u2019ensemble des Gatinoises et Gatinois.<\/p><p data-start=\"167\" data-end=\"309\">\ud83d\udd37 Nous travaillerons avec les acteurs \u00e9conomiques et universitaires pour positionner Gatineau comme un p\u00f4le attractif pour les investisseurs.<\/p><p data-start=\"311\" data-end=\"447\">\ud83d\udd37 Nous favoriserons la diversification \u00e9conomique, en attirant des entreprises innovantes et compl\u00e9mentaires aux secteurs d\u00e9j\u00e0 \u00e9tablis.<\/p><p data-start=\"449\" data-end=\"588\">\ud83d\udd37 Nous encouragerons l\u2019achat local et renforcerons le r\u00f4le des associations commerciales pour soutenir les commer\u00e7ants de chaque district.<\/p><p data-start=\"590\" data-end=\"677\">Une \u00e9conomie dynamique, c\u2019est une ville prosp\u00e8re et o\u00f9 chacun peut trouver sa place.<\/p>\t\t\t\t\t\t\t\t<\/div>\n\t\t\t\t<\/div>\n\t\t<div class=\"elementor-element elementor-element-6a994894 e-con-full e-flex elementor-invisible e-con e-child\" data-id=\"6a994894\" data-element_type=\"container\" data-e-type=\"container\" data-settings=\"{&quot;background_background&quot;:&quot;classic&quot;,&quot;animation&quot;:&quot;fadeInRight&quot;,&quot;animation_delay&quot;:350}\">\n\t\t\t\t<div class=\"elementor-element elementor-element-1d77fcb0 elementor-widget elementor-widget-image\" data-id=\"1d77fcb0\" data-element_type=\"widget\" data-e-type=\"widget\" data-widget_type=\"image.default\">\n\t\t\t\t\t\t\t\t\t\t\t\t\t\t\t<img decoding=\"async\" src=\"https:\/\/caadi.ca\/wp-content\/uploads\/elementor\/thumbs\/icon-logo1-rmlqqrin3b29wnclkxviz8r5lx3wlf2fya258r2iw0.png\" title=\"icon-logo1.png\" alt=\"icon-logo1.png\" loading=\"lazy\" \/>\t\t\t\t\t\t\t\t\t\t\t\t\t\t\t<\/div>\n\t\t\t\t<div class=\"elementor-element elementor-element-201c2a8c elementor-widget elementor-widget-heading\" data-id=\"201c2a8c\" data-element_type=\"widget\" data-e-type=\"widget\" data-widget_type=\"heading.default\">\n\t\t\t\t\t<h2 class=\"elementor-heading-title elementor-size-default\">Environnement et mobilit\u00e9 <\/h2>\t\t\t\t<\/div>\n\t\t\t\t<div class=\"elementor-element elementor-element-5263aae6 elementor-widget elementor-widget-icon-box\" data-id=\"5263aae6\" data-element_type=\"widget\" data-e-type=\"widget\" data-widget_type=\"icon-box.default\">\n\t\t\t\t\t\t\t<div class=\"elementor-icon-box-wrapper\">\n\n\t\t\t\n\t\t\t\t\t\t<div class=\"elementor-icon-box-content\">\n\n\t\t\t\t\n\t\t\t\t\t\t\t\t\t<p class=\"elementor-icon-box-description\">\n\t\t\t\t\t\tUne ville plus verte, un avenir plus durable\t\t\t\t\t<\/p>\n\t\t\t\t\n\t\t\t<\/div>\n\t\t\t\n\t\t<\/div>\n\t\t\t\t\t\t<\/div>\n\t\t\t\t<div class=\"elementor-element elementor-element-3fcba104 elementor-widget elementor-widget-text-editor\" data-id=\"3fcba104\" data-element_type=\"widget\" data-e-type=\"widget\" data-widget_type=\"text-editor.default\">\n\t\t\t\t\t\t\t\t\t<p data-start=\"49\" data-end=\"122\">L\u2019environnement est une priorit\u00e9 transversale qui guide nos d\u00e9cisions.<\/p><p data-start=\"124\" data-end=\"260\">\ud83d\udd37 Nous poursuivrons les efforts de verdissement, notamment par un programme ambitieux de plantation d\u2019arbres pour augmenter la canop\u00e9e.<\/p><p data-start=\"262\" data-end=\"369\">\ud83d\udd37 Nous valoriserons et prot\u00e9gerons les espaces verts, essentiels \u00e0 la qualit\u00e9 de vie et \u00e0 la biodiversit\u00e9.<\/p><p data-start=\"371\" data-end=\"521\">\ud83d\udd37 Nous am\u00e9liorerons et \u00e9largirons le r\u00e9seau de transport en commun, pour offrir une alternative viable aux citoyens sans r\u00e9duire leur qualit\u00e9 de vie.<\/p><p data-start=\"523\" data-end=\"647\">\ud83d\udd37 Nous favoriserons des modes de d\u00e9placement actifs et durables, en d\u00e9veloppant les infrastructures cyclables et pi\u00e9tonnes.<\/p><p data-start=\"649\" data-end=\"763\">L\u2019environnement ne doit pas \u00eatre l\u2019affaire d\u2019un seul service administratif, mais bien de toute la collectivit\u00e9.<\/p>\t\t\t\t\t\t\t\t<\/div>\n\t\t\t\t<\/div>\n\t\t\t\t<\/div>\n\t\t<div class=\"elementor-element elementor-element-62286a1 e-grid e-con-full e-con e-child\" data-id=\"62286a1\" data-element_type=\"container\" data-e-type=\"container\">\n\t\t<div class=\"elementor-element elementor-element-4739210b e-con-full e-flex elementor-invisible e-con e-child\" data-id=\"4739210b\" data-element_type=\"container\" data-e-type=\"container\" data-settings=\"{&quot;background_background&quot;:&quot;classic&quot;,&quot;animation&quot;:&quot;fadeInLeft&quot;,&quot;animation_delay&quot;:350}\">\n\t\t\t\t<div class=\"elementor-element elementor-element-51e13d4f elementor-widget elementor-widget-image\" data-id=\"51e13d4f\" data-element_type=\"widget\" data-e-type=\"widget\" data-widget_type=\"image.default\">\n\t\t\t\t\t\t\t\t\t\t\t\t\t\t\t<img decoding=\"async\" src=\"https:\/\/caadi.ca\/wp-content\/uploads\/elementor\/thumbs\/icon-logo1-rmlqqrin3b29wnclkxviz8r5lx3wlf2fya258r2iw0.png\" title=\"icon-logo1.png\" alt=\"icon-logo1.png\" loading=\"lazy\" \/>\t\t\t\t\t\t\t\t\t\t\t\t\t\t\t<\/div>\n\t\t\t\t<div class=\"elementor-element elementor-element-190f4513 elementor-widget elementor-widget-heading\" data-id=\"190f4513\" data-element_type=\"widget\" data-e-type=\"widget\" data-widget_type=\"heading.default\">\n\t\t\t\t\t<h2 class=\"elementor-heading-title elementor-size-default\">Logements et inclusivit\u00e9 <\/h2>\t\t\t\t<\/div>\n\t\t\t\t<div class=\"elementor-element elementor-element-77d6e7 elementor-widget elementor-widget-icon-box\" data-id=\"77d6e7\" data-element_type=\"widget\" data-e-type=\"widget\" data-widget_type=\"icon-box.default\">\n\t\t\t\t\t\t\t<div class=\"elementor-icon-box-wrapper\">\n\n\t\t\t\n\t\t\t\t\t\t<div class=\"elementor-icon-box-content\">\n\n\t\t\t\t\n\t\t\t\t\t\t\t\t\t<p class=\"elementor-icon-box-description\">\n\t\t\t\t\t\tUn chez-soi pour tous\t\t\t\t\t<\/p>\n\t\t\t\t\n\t\t\t<\/div>\n\t\t\t\n\t\t<\/div>\n\t\t\t\t\t\t<\/div>\n\t\t\t\t<div class=\"elementor-element elementor-element-e3785c elementor-widget elementor-widget-text-editor\" data-id=\"e3785c\" data-element_type=\"widget\" data-e-type=\"widget\" data-widget_type=\"text-editor.default\">\n\t\t\t\t\t\t\t\t\t<p data-start=\"49\" data-end=\"121\">Chaque Gatinois m\u00e9rite un logement abordable et adapt\u00e9 \u00e0 ses besoins.<\/p><p data-start=\"123\" data-end=\"277\">\ud83d\udd37 Nous travaillerons avec les promoteurs immobiliers, les organismes et les citoyens pour acc\u00e9l\u00e9rer le d\u00e9veloppement de logements accessibles et sociaux.<\/p><p data-start=\"279\" data-end=\"425\">\ud83d\udd37 Nous faciliterons et acc\u00e9l\u00e9rerons le traitement des demandes de permis construction, pour \u00e9viter les retards qui freinent l\u2019offre de logements.<\/p><p data-start=\"427\" data-end=\"547\">\ud83d\udd37 Nous veillerons \u00e0 ce que la densification urbaine se fasse en respectant l\u2019identit\u00e9 des quartiers et leurs habitants.<\/p><p data-start=\"549\" data-end=\"915\">\ud83d\udd37 Nous allons, en toute transparence, mettre l\u2019accent sur la pr\u00e9paration du prochain sch\u00e9ma d\u2019am\u00e9nagement afin de r\u00e9pondre \u00e0 nos besoins en logement, s\u2019assurer de notre capacit\u00e9 de construire les infrastructures n\u00e9cessaires et aligner les services municipaux pour suivre le sch\u00e9ma d\u2019am\u00e9nagement. Seuls les projets s\u2019inscrivant dans cette vision seront prioritaires.<\/p><p data-start=\"917\" data-end=\"1016\">Gatineau doit \u00eatre une ville ouverte et inclusive, o\u00f9 chacun trouve sa place et peut s\u2019\u00e9panouir.<\/p>\t\t\t\t\t\t\t\t<\/div>\n\t\t\t\t<\/div>\n\t\t<div class=\"elementor-element elementor-element-68133e9 e-con-full e-flex elementor-invisible e-con e-child\" data-id=\"68133e9\" data-element_type=\"container\" data-e-type=\"container\" data-settings=\"{&quot;background_background&quot;:&quot;classic&quot;,&quot;animation&quot;:&quot;fadeInRight&quot;,&quot;animation_delay&quot;:350}\">\n\t\t\t\t<div class=\"elementor-element elementor-element-76a7acb5 elementor-widget elementor-widget-image\" data-id=\"76a7acb5\" data-element_type=\"widget\" data-e-type=\"widget\" data-widget_type=\"image.default\">\n\t\t\t\t\t\t\t\t\t\t\t\t\t\t\t<img decoding=\"async\" src=\"https:\/\/caadi.ca\/wp-content\/uploads\/elementor\/thumbs\/icon-logo1-rmlqqrin3b29wnclkxviz8r5lx3wlf2fya258r2iw0.png\" title=\"icon-logo1.png\" alt=\"icon-logo1.png\" loading=\"lazy\" \/>\t\t\t\t\t\t\t\t\t\t\t\t\t\t\t<\/div>\n\t\t\t\t<div class=\"elementor-element elementor-element-26ed28e elementor-widget elementor-widget-heading\" data-id=\"26ed28e\" data-element_type=\"widget\" data-e-type=\"widget\" data-widget_type=\"heading.default\">\n\t\t\t\t\t<h2 class=\"elementor-heading-title elementor-size-default\">Fiert\u00e9 et respect <\/h2>\t\t\t\t<\/div>\n\t\t\t\t<div class=\"elementor-element elementor-element-15e09bbf elementor-widget elementor-widget-icon-box\" data-id=\"15e09bbf\" data-element_type=\"widget\" data-e-type=\"widget\" data-widget_type=\"icon-box.default\">\n\t\t\t\t\t\t\t<div class=\"elementor-icon-box-wrapper\">\n\n\t\t\t\n\t\t\t\t\t\t<div class=\"elementor-icon-box-content\">\n\n\t\t\t\t\n\t\t\t\t\t\t\t\t\t<p class=\"elementor-icon-box-description\">\n\t\t\t\t\t\tGatineau : une ville forte et unie \t\t\t\t\t<\/p>\n\t\t\t\t\n\t\t\t<\/div>\n\t\t\t\n\t\t<\/div>\n\t\t\t\t\t\t<\/div>\n\t\t\t\t<div class=\"elementor-element elementor-element-3249b1f5 elementor-widget elementor-widget-text-editor\" data-id=\"3249b1f5\" data-element_type=\"widget\" data-e-type=\"widget\" data-widget_type=\"text-editor.default\">\n\t\t\t\t\t\t\t\t\t<p data-start=\"49\" data-end=\"429\">Nous sommes fiers de Gatineau et de ses citoyens. Notre objectif est de renforcer ce sentiment d\u2019appartenance en b\u00e2tissant une ville dynamique et respect\u00e9e. De Buckingham \u00e0 Aylmer, les Gatinois pourront compter sur une \u00e9quipe d\u00e9termin\u00e9e \u00e0 faire de cette ville notre fiert\u00e9 par sa gestion innovante des dossiers, la ma\u00eetrise de son d\u00e9veloppement et le respect de ses quartiers.<\/p><p data-start=\"431\" data-end=\"554\">\ud83d\udd37 Nous devons \u00eatre un chef de file au Qu\u00e9bec, en affirmant notre place comme quatri\u00e8me ville en importance de la province.<\/p><p data-start=\"556\" data-end=\"643\">\ud83d\udd37 Nous placerons l\u2019int\u00e9r\u00eat collectif et le respect de chacun au c\u0153ur de nos d\u00e9cisions.<\/p><p data-start=\"645\" data-end=\"737\">\ud83d\udd37 Nos r\u00e9flexions tiendront compte de la r\u00e9alit\u00e9 au quotidien de nos a\u00een\u00e9s et nos familles.<\/p><p data-start=\"739\" data-end=\"833\">Ensemble, dessinons l\u2019avenir de Gatineau. Une ville plus forte, plus prosp\u00e8re et plus unie.<\/p>\t\t\t\t\t\t\t\t<\/div>\n\t\t\t\t<\/div>\n\t\t\t\t<\/div>\n\t\t\t\t\t<\/div>\n\t\t\t\t<\/div>\n\t\t<div class=\"elementor-element elementor-element-eec7bd4 e-flex e-con-boxed e-con e-parent\" data-id=\"eec7bd4\" data-element_type=\"container\" data-e-type=\"container\">\n\t\t\t\t\t<div class=\"e-con-inner\">\n\t\t<div class=\"elementor-element elementor-element-7663fa39 e-con-full e-flex e-con e-child\" data-id=\"7663fa39\" data-element_type=\"container\" data-e-type=\"container\" data-settings=\"{&quot;background_background&quot;:&quot;classic&quot;}\">\n\t\t\t\t<\/div>\n\t\t<div class=\"elementor-element elementor-element-77f87611 e-con-full e-flex e-con e-child\" data-id=\"77f87611\" data-element_type=\"container\" data-e-type=\"container\">\n\t\t\t\t<\/div>\n\t\t<div class=\"elementor-element elementor-element-4a7bd390 e-con-full e-flex e-con e-child\" data-id=\"4a7bd390\" data-element_type=\"container\" data-e-type=\"container\">\n\t\t\t\t<\/div>\n\t\t\t\t\t<\/div>\n\t\t\t\t<\/div>\n\t\t\t\t<\/div>","protected":false},"excerpt":{"rendered":"<p>Un programme b\u00e2ti avec vous, pour vous, suite \u00e0 nos rencontres sur le terrain. L\u2019ann\u00e9e 2025 marque un tournant pour Gatineau avec l\u2019arriv\u00e9e d\u2019un nouveau joueur sur l\u2019\u00e9chiquier politique. Notre programme est pens\u00e9 comme un outil vivant, qui \u00e9volue au rythme de la campagne et des \u00e9changes constants avec les citoyennes et citoyens. \u00c0 mesure [&hellip;]<\/p>\n","protected":false},"author":1,"featured_media":0,"parent":0,"menu_order":0,"comment_status":"closed","ping_status":"closed","template":"elementor_header_footer","meta":{"footnotes":""},"class_list":["post-193","page","type-page","status-publish","hentry"],"_links":{"self":[{"href":"https:\/\/caadi.ca\/en\/wp-json\/wp\/v2\/pages\/193","targetHints":{"allow":["GET"]}}],"collection":[{"href":"https:\/\/caadi.ca\/en\/wp-json\/wp\/v2\/pages"}],"about":[{"href":"https:\/\/caadi.ca\/en\/wp-json\/wp\/v2\/types\/page"}],"author":[{"embeddable":true,"href":"https:\/\/caadi.ca\/en\/wp-json\/wp\/v2\/users\/1"}],"replies":[{"embeddable":true,"href":"https:\/\/caadi.ca\/en\/wp-json\/wp\/v2\/comments?post=193"}],"version-history":[{"count":7,"href":"https:\/\/caadi.ca\/en\/wp-json\/wp\/v2\/pages\/193\/revisions"}],"predecessor-version":[{"id":310,"href":"https:\/\/caadi.ca\/en\/wp-json\/wp\/v2\/pages\/193\/revisions\/310"}],"wp:attachment":[{"href":"https:\/\/caadi.ca\/en\/wp-json\/wp\/v2\/media?parent=193"}],"curies":[{"name":"wp","href":"https:\/\/api.w.org\/{rel}","templated":true}]}}